{"version":"1.0","provider_name":"Ville de Remich","provider_url":"https:\/\/bierger.remich.lu\/de","author_name":"mhentzen","author_url":"#","title":"Abschaffung der \u00ab Ecobacs \u00bb ab dem 1. Januar 2027 - Ville de Remich","type":"rich","width":600,"height":338,"html":"<blockquote class=\"wp-embedded-content\" data-secret=\"AtKFJY7h5f\"><a href=\"https:\/\/bierger.remich.lu\/de\/2026\/09\/03\/abschaffung-der-ecobacs-ab-dem-1-januar-2027\/\">Abschaffung der \u00ab Ecobacs \u00bb ab dem 1. Januar 2027<\/a><\/blockquote><iframe sandbox=\"allow-scripts\" security=\"restricted\" src=\"https:\/\/bierger.remich.lu\/de\/2026\/09\/03\/abschaffung-der-ecobacs-ab-dem-1-januar-2027\/embed\/#?secret=AtKFJY7h5f\" width=\"600\" height=\"338\" title=\"&#8222;Abschaffung der \u00ab Ecobacs \u00bb ab dem 1. Januar 2027&#8220; &#8211; Ville de Remich\" data-secret=\"AtKFJY7h5f\" frameborder=\"0\" marginwidth=\"0\" marginheight=\"0\" scrolling=\"no\" class=\"wp-embedded-content\"><\/iframe><script>\n\/*! This file is auto-generated *\/\n!function(d,l){\"use strict\";l.querySelector&&d.addEventListener&&\"undefined\"!=typeof URL&&(d.wp=d.wp||{},d.wp.receiveEmbedMessage||(d.wp.receiveEmbedMessage=function(e){var t=e.data;if((t||t.secret||t.message||t.value)&&!\/[^a-zA-Z0-9]\/.test(t.secret)){for(var s,r,n,a=l.querySelectorAll('iframe[data-secret=\"'+t.secret+'\"]'),o=l.querySelectorAll('blockquote[data-secret=\"'+t.secret+'\"]'),c=new RegExp(\"^https?:$\",\"i\"),i=0;i<o.length;i++)o[i].style.display=\"none\";for(i=0;i<a.length;i++)s=a[i],e.source===s.contentWindow&&(s.removeAttribute(\"style\"),\"height\"===t.message?(1e3<(r=parseInt(t.value,10))?r=1e3:~~r<200&&(r=200),s.height=r):\"link\"===t.message&&(r=new URL(s.getAttribute(\"src\")),n=new URL(t.value),c.test(n.protocol))&&n.host===r.host&&l.activeElement===s&&(d.top.location.href=t.value))}},d.addEventListener(\"message\",d.wp.receiveEmbedMessage,!1),l.addEventListener(\"DOMContentLoaded\",function(){for(var e,t,s=l.querySelectorAll(\"iframe.wp-embedded-content\"),r=0;r<s.length;r++)(t=(e=s[r]).getAttribute(\"data-secret\"))||(t=Math.random().toString(36).substring(2,12),e.src+=\"#?secret=\"+t,e.setAttribute(\"data-secret\",t)),e.contentWindow.postMessage({message:\"ready\",secret:t},\"*\")},!1)))}(window,document);\n\/\/# sourceURL=https:\/\/bierger.remich.lu\/wp-includes\/js\/wp-embed.min.js\n<\/script>\n","thumbnail_url":"https:\/\/bierger.remich.lu\/wp-content\/uploads\/sites\/3\/2026\/09\/Ecobac.png","thumbnail_width":984,"thumbnail_height":874,"description":"Die B\u00fcrgerinnen und B\u00fcrger werden dar\u00fcber informiert, dass das Syndikat SIGRE beschlossen hat, die \u201eEcobacs\u201c ab dem 1. Januar 2027 aus seinem System der Entleerungsbeh\u00e4lter zu entfernen. Die \u201eEcobacs\u201c m\u00fcssen daher durch eine M\u00fclltonne ersetzt werden. Was m\u00fcssen Sie tun? Haushalte, die derzeit \u00fcber einen \u201eEcobac\u201c verf\u00fcgen, werden gebeten, sich an das Einwohnermeldeamt zu wenden, [&hellip;]"}