{"id":21166,"date":"2026-09-03T11:56:23","date_gmt":"2026-09-03T09:56:23","guid":{"rendered":"https:\/\/bierger.remich.lu\/?page_id=21166"},"modified":"2026-09-03T12:01:56","modified_gmt":"2026-09-03T10:01:56","slug":"hellef-doheem","status":"publish","type":"page","link":"https:\/\/bierger.remich.lu\/de\/services-au-citoyen\/soziales-und-3-alter\/hilfe-unterstuetzung\/hellef-doheem\/","title":{"rendered":"H\u00ebllef Doheem"},"content":{"rendered":"<h3>Unterst\u00fctzung und Hilfe im Alltag<\/h3>\n<p class=\"isSelectedEnd\">Die Gemeinde m\u00f6chte auf die vielf\u00e4ltigen Angebote von <strong>H\u00ebllef Doheem<\/strong> und den Hilfs- und Pflegezentren aufmerksam machen. Sie unterst\u00fctzen Menschen und ihre Angeh\u00f6rigen dabei, m\u00f6glichst lange selbstst\u00e4ndig und sicher zu Hause zu leben.<\/p>\n<p class=\"isSelectedEnd\">Das Angebot reicht von <strong>S\u00e9cher Doheem<\/strong>, einem Telealarmsystem f\u00fcr mehr Sicherheit rund um die Uhr, \u00fcber <strong>Nachtpflege und h\u00e4usliche Unterst\u00fctzung<\/strong> bis hin zu <strong>Beratung und Therapien<\/strong> wie Ern\u00e4hrungsberatung, Ergo- und Physiotherapie oder psychologischer Unterst\u00fctzung.<\/p>\n<p class=\"isSelectedEnd\">Auch in der letzten Lebensphase bietet die <strong>h\u00e4usliche Palliativpflege<\/strong> eine einf\u00fchlsame und fachkundige Begleitung. Die <strong>Tagesst\u00e4tten<\/strong> bieten Menschen ab 65 Jahren einen abwechslungsreichen Tagesablauf, soziale Kontakte und passende Aktivit\u00e4ten und Therapien.<\/p>\n<p class=\"isSelectedEnd\">Dar\u00fcber hinaus gibt es <strong>individuelle Unterst\u00fctzung im Alltag<\/strong>, beispielsweise bei der Hausarbeit, beim Einkaufen oder bei der W\u00e4sche.<\/p>\n<p>Wer Unterst\u00fctzung ben\u00f6tigt oder sich \u00fcber die verschiedenen Angebote informieren m\u00f6chte, kann sich direkt an <strong>H\u00ebllef Doheem und die entsprechenden Hilfs- und Pflegezentren<\/strong> wenden.<\/p>\n<p>&nbsp;<\/p>\n<h3><strong>H\u00ebllef Doheem, das ist<\/strong><\/h3>\n<p><strong>\u2022 Das gr\u00f6\u00dfte Netzwerk f\u00fcr Hilfs- und Pflegedienste in Luxemburg<\/strong><\/p>\n<p><strong>\u2022 Ein umfassendes Betreuungsangebot<\/strong><\/p>\n<p><strong>\u2022 Service garantiert 7 Tage die Woche<\/strong><\/p>\n<p><strong>\u2022 Unterst\u00fctzung und Assistenz f\u00fcr Jeden \u2013 \u00fcberall in Luxemburg<\/strong><\/p>\n<p><strong>\u2022 Ein Garant f\u00fcr Kompetenz<\/strong><\/p>\n<p><strong>\u2022 Eine Klientenzufriedenheit von 98 % (TNS-Ilres)<\/strong>","protected":false},"excerpt":{"rendered":"<p>Unterst\u00fctzung und Hilfe im Alltag Die Gemeinde m\u00f6chte auf die vielf\u00e4ltigen Angebote von H\u00ebllef Doheem und den Hilfs- und Pflegezentren aufmerksam machen. Sie unterst\u00fctzen Menschen und ihre Angeh\u00f6rigen dabei, m\u00f6glichst lange selbstst\u00e4ndig und sicher zu Hause zu leben. Das Angebot reicht von S\u00e9cher Doheem, einem Telealarmsystem f\u00fcr mehr Sicherheit rund um die Uhr, \u00fcber Nachtpflege&#8230;  <a class=\"excerpt-read-more\" href=\"https:\/\/bierger.remich.lu\/de\/services-au-citoyen\/soziales-und-3-alter\/hilfe-unterstuetzung\/hellef-doheem\/\" title=\"ReadH\u00ebllef Doheem\">Mehr lesen \u00bb<\/a><\/p>\n","protected":false},"author":10,"featured_media":0,"parent":21164,"menu_order":0,"comment_status":"closed","ping_status":"closed","template":"","meta":{"_acf_changed":false,"xn-wppe-expiration":[],"xn-wppe-expiration-action":[],"xn-wppe-expiration-prefix":[],"footnotes":"","_links_to":"","_links_to_target":""},"class_list":["post-21166","page","type-page","status-publish","hentry","keyword-social"],"acf":[],"yoast_head":"<!-- This site is optimized with the Yoast SEO plugin v28.0 - https:\/\/yoast.com\/product\/yoast-seo-wordpress\/ -->\n<title>H\u00ebllef Doheem - Ville de Remich<\/title>\n<meta name=\"robots\" content=\"index, follow, max-snippet:-1, max-image-preview:large, max-video-preview:-1\" \/>\n<link rel=\"canonical\" href=\"https:\/\/bierger.remich.lu\/services-au-citoyen\/soziales-und-3-alter\/hilfe-unterstuetzung\/hellef-doheem\/\" \/>\n<meta property=\"og:locale\" content=\"de_DE\" \/>\n<meta property=\"og:type\" content=\"article\" \/>\n<meta property=\"og:title\" content=\"H\u00ebllef Doheem - Ville de Remich\" \/>\n<meta property=\"og:description\" content=\"Unterst\u00fctzung und Hilfe im Alltag Die Gemeinde m\u00f6chte auf die vielf\u00e4ltigen Angebote von H\u00ebllef Doheem und den Hilfs- und Pflegezentren aufmerksam machen. Sie unterst\u00fctzen Menschen und ihre Angeh\u00f6rigen dabei, m\u00f6glichst lange selbstst\u00e4ndig und sicher zu Hause zu leben. Das Angebot reicht von S\u00e9cher Doheem, einem Telealarmsystem f\u00fcr mehr Sicherheit rund um die Uhr, \u00fcber Nachtpflege... Mehr lesen \u00bb\" \/>\n<meta property=\"og:url\" content=\"https:\/\/bierger.remich.lu\/services-au-citoyen\/soziales-und-3-alter\/hilfe-unterstuetzung\/hellef-doheem\/\" \/>\n<meta property=\"og:site_name\" content=\"Ville de Remich\" \/>\n<meta property=\"article:modified_time\" content=\"2026-09-03T10:01:56+00:00\" \/>\n<meta name=\"twitter:card\" content=\"summary_large_image\" \/>\n<meta name=\"twitter:label1\" content=\"Gesch\u00e4tzte Lesezeit\" \/>\n\t<meta name=\"twitter:data1\" content=\"2\u00a0Minuten\" \/>\n<script type=\"application\/ld+json\" class=\"yoast-schema-graph\">{\"@context\":\"https:\\\/\\\/schema.org\",\"@graph\":[{\"@type\":\"WebPage\",\"@id\":\"https:\\\/\\\/bierger.remich.lu\\\/services-au-citoyen\\\/soziales-und-3-alter\\\/hilfe-unterstuetzung\\\/hellef-doheem\\\/\",\"url\":\"https:\\\/\\\/bierger.remich.lu\\\/services-au-citoyen\\\/soziales-und-3-alter\\\/hilfe-unterstuetzung\\\/hellef-doheem\\\/\",\"name\":\"H\u00ebllef Doheem - Ville de Remich\",\"isPartOf\":{\"@id\":\"https:\\\/\\\/bierger.remich.lu\\\/de\\\/#website\"},\"datePublished\":\"2026-09-03T09:56:23+00:00\",\"dateModified\":\"2026-09-03T10:01:56+00:00\",\"breadcrumb\":{\"@id\":\"https:\\\/\\\/bierger.remich.lu\\\/services-au-citoyen\\\/soziales-und-3-alter\\\/hilfe-unterstuetzung\\\/hellef-doheem\\\/#breadcrumb\"},\"inLanguage\":\"de\",\"potentialAction\":[{\"@type\":\"ReadAction\",\"target\":[\"https:\\\/\\\/bierger.remich.lu\\\/services-au-citoyen\\\/soziales-und-3-alter\\\/hilfe-unterstuetzung\\\/hellef-doheem\\\/\"]}]},{\"@type\":\"BreadcrumbList\",\"@id\":\"https:\\\/\\\/bierger.remich.lu\\\/services-au-citoyen\\\/soziales-und-3-alter\\\/hilfe-unterstuetzung\\\/hellef-doheem\\\/#breadcrumb\",\"itemListElement\":[{\"@type\":\"ListItem\",\"position\":1,\"name\":\"Startseite\",\"item\":\"https:\\\/\\\/bierger.remich.lu\\\/de\\\/\"},{\"@type\":\"ListItem\",\"position\":2,\"name\":\"B\u00fcrgerdienste\",\"item\":\"https:\\\/\\\/bierger.remich.lu\\\/de\\\/services-au-citoyen\\\/\"},{\"@type\":\"ListItem\",\"position\":3,\"name\":\"Soziales und 3. Alter\",\"item\":\"https:\\\/\\\/bierger.remich.lu\\\/de\\\/services-au-citoyen\\\/soziales-und-3-alter\\\/\"},{\"@type\":\"ListItem\",\"position\":4,\"name\":\"Hilfe &#038; Unterst\u00fctzung\",\"item\":\"https:\\\/\\\/bierger.remich.lu\\\/services-au-citoyen\\\/soziales-und-3-alter\\\/hilfe-unterstuetzung\\\/\"},{\"@type\":\"ListItem\",\"position\":5,\"name\":\"H\u00ebllef Doheem\"}]},{\"@type\":\"WebSite\",\"@id\":\"https:\\\/\\\/bierger.remich.lu\\\/de\\\/#website\",\"url\":\"https:\\\/\\\/bierger.remich.lu\\\/de\\\/\",\"name\":\"Ville de Remich\",\"description\":\"\",\"potentialAction\":[{\"@type\":\"SearchAction\",\"target\":{\"@type\":\"EntryPoint\",\"urlTemplate\":\"https:\\\/\\\/bierger.remich.lu\\\/de\\\/?s={search_term_string}\"},\"query-input\":{\"@type\":\"PropertyValueSpecification\",\"valueRequired\":true,\"valueName\":\"search_term_string\"}}],\"inLanguage\":\"de\"}]}<\/script>\n<!-- \/ Yoast SEO plugin. -->","yoast_head_json":{"title":"H\u00ebllef Doheem - Ville de Remich","robots":{"index":"index","follow":"follow","max-snippet":"max-snippet:-1","max-image-preview":"max-image-preview:large","max-video-preview":"max-video-preview:-1"},"canonical":"https:\/\/bierger.remich.lu\/services-au-citoyen\/soziales-und-3-alter\/hilfe-unterstuetzung\/hellef-doheem\/","og_locale":"de_DE","og_type":"article","og_title":"H\u00ebllef Doheem - Ville de Remich","og_description":"Unterst\u00fctzung und Hilfe im Alltag Die Gemeinde m\u00f6chte auf die vielf\u00e4ltigen Angebote von H\u00ebllef Doheem und den Hilfs- und Pflegezentren aufmerksam machen. Sie unterst\u00fctzen Menschen und ihre Angeh\u00f6rigen dabei, m\u00f6glichst lange selbstst\u00e4ndig und sicher zu Hause zu leben. Das Angebot reicht von S\u00e9cher Doheem, einem Telealarmsystem f\u00fcr mehr Sicherheit rund um die Uhr, \u00fcber Nachtpflege... Mehr lesen \u00bb","og_url":"https:\/\/bierger.remich.lu\/services-au-citoyen\/soziales-und-3-alter\/hilfe-unterstuetzung\/hellef-doheem\/","og_site_name":"Ville de Remich","article_modified_time":"2026-09-03T10:01:56+00:00","twitter_card":"summary_large_image","twitter_misc":{"Gesch\u00e4tzte Lesezeit":"2\u00a0Minuten"},"schema":{"@context":"https:\/\/schema.org","@graph":[{"@type":"WebPage","@id":"https:\/\/bierger.remich.lu\/services-au-citoyen\/soziales-und-3-alter\/hilfe-unterstuetzung\/hellef-doheem\/","url":"https:\/\/bierger.remich.lu\/services-au-citoyen\/soziales-und-3-alter\/hilfe-unterstuetzung\/hellef-doheem\/","name":"H\u00ebllef Doheem - Ville de Remich","isPartOf":{"@id":"https:\/\/bierger.remich.lu\/de\/#website"},"datePublished":"2026-09-03T09:56:23+00:00","dateModified":"2026-09-03T10:01:56+00:00","breadcrumb":{"@id":"https:\/\/bierger.remich.lu\/services-au-citoyen\/soziales-und-3-alter\/hilfe-unterstuetzung\/hellef-doheem\/#breadcrumb"},"inLanguage":"de","potentialAction":[{"@type":"ReadAction","target":["https:\/\/bierger.remich.lu\/services-au-citoyen\/soziales-und-3-alter\/hilfe-unterstuetzung\/hellef-doheem\/"]}]},{"@type":"BreadcrumbList","@id":"https:\/\/bierger.remich.lu\/services-au-citoyen\/soziales-und-3-alter\/hilfe-unterstuetzung\/hellef-doheem\/#breadcrumb","itemListElement":[{"@type":"ListItem","position":1,"name":"Startseite","item":"https:\/\/bierger.remich.lu\/de\/"},{"@type":"ListItem","position":2,"name":"B\u00fcrgerdienste","item":"https:\/\/bierger.remich.lu\/de\/services-au-citoyen\/"},{"@type":"ListItem","position":3,"name":"Soziales und 3. Alter","item":"https:\/\/bierger.remich.lu\/de\/services-au-citoyen\/soziales-und-3-alter\/"},{"@type":"ListItem","position":4,"name":"Hilfe &#038; Unterst\u00fctzung","item":"https:\/\/bierger.remich.lu\/services-au-citoyen\/soziales-und-3-alter\/hilfe-unterstuetzung\/"},{"@type":"ListItem","position":5,"name":"H\u00ebllef Doheem"}]},{"@type":"WebSite","@id":"https:\/\/bierger.remich.lu\/de\/#website","url":"https:\/\/bierger.remich.lu\/de\/","name":"Ville de Remich","description":"","potentialAction":[{"@type":"SearchAction","target":{"@type":"EntryPoint","urlTemplate":"https:\/\/bierger.remich.lu\/de\/?s={search_term_string}"},"query-input":{"@type":"PropertyValueSpecification","valueRequired":true,"valueName":"search_term_string"}}],"inLanguage":"de"}]}},"_links":{"self":[{"href":"https:\/\/bierger.remich.lu\/de\/wp-json\/wp\/v2\/pages\/21166","targetHints":{"allow":["GET"]}}],"collection":[{"href":"https:\/\/bierger.remich.lu\/de\/wp-json\/wp\/v2\/pages"}],"about":[{"href":"https:\/\/bierger.remich.lu\/de\/wp-json\/wp\/v2\/types\/page"}],"author":[{"embeddable":true,"href":"https:\/\/bierger.remich.lu\/de\/wp-json\/wp\/v2\/users\/10"}],"replies":[{"embeddable":true,"href":"https:\/\/bierger.remich.lu\/de\/wp-json\/wp\/v2\/comments?post=21166"}],"version-history":[{"count":3,"href":"https:\/\/bierger.remich.lu\/de\/wp-json\/wp\/v2\/pages\/21166\/revisions"}],"predecessor-version":[{"id":21169,"href":"https:\/\/bierger.remich.lu\/de\/wp-json\/wp\/v2\/pages\/21166\/revisions\/21169"}],"up":[{"embeddable":true,"href":"https:\/\/bierger.remich.lu\/de\/wp-json\/wp\/v2\/pages\/21164"}],"wp:attachment":[{"href":"https:\/\/bierger.remich.lu\/de\/wp-json\/wp\/v2\/media?parent=21166"}],"curies":[{"name":"wp","href":"https:\/\/api.w.org\/{rel}","templated":true}]}}