{"version":"1.0","provider_name":"Ville de Remich","provider_url":"https:\/\/bierger.remich.lu\/fr","author_name":"carolesitz","author_url":"#","title":"Vote pour un R\u00e9f\u00e9rendum - Ville de Remich","type":"rich","width":600,"height":338,"html":"<blockquote class=\"wp-embedded-content\" data-secret=\"YwFhaUX7bJ\"><a href=\"https:\/\/bierger.remich.lu\/fr\/2022\/02\/22\/abstimmen-fuer-ein-referendum\/\">Vote pour un R\u00e9f\u00e9rendum<\/a><\/blockquote><iframe sandbox=\"allow-scripts\" security=\"restricted\" src=\"https:\/\/bierger.remich.lu\/fr\/2022\/02\/22\/abstimmen-fuer-ein-referendum\/embed\/#?secret=YwFhaUX7bJ\" width=\"600\" height=\"338\" title=\"\u00ab\u00a0Vote pour un R\u00e9f\u00e9rendum\u00a0\u00bb &#8212; Ville de Remich\" data-secret=\"YwFhaUX7bJ\" frameborder=\"0\" marginwidth=\"0\" marginheight=\"0\" scrolling=\"no\" class=\"wp-embedded-content\"><\/iframe><script type=\"text\/javascript\">\n\/* <![CDATA[ *\/\n\/*! This file is auto-generated *\/\n!function(d,l){\"use strict\";l.querySelector&&d.addEventListener&&\"undefined\"!=typeof URL&&(d.wp=d.wp||{},d.wp.receiveEmbedMessage||(d.wp.receiveEmbedMessage=function(e){var t=e.data;if((t||t.secret||t.message||t.value)&&!\/[^a-zA-Z0-9]\/.test(t.secret)){for(var s,r,n,a=l.querySelectorAll('iframe[data-secret=\"'+t.secret+'\"]'),o=l.querySelectorAll('blockquote[data-secret=\"'+t.secret+'\"]'),c=new RegExp(\"^https?:$\",\"i\"),i=0;i<o.length;i++)o[i].style.display=\"none\";for(i=0;i<a.length;i++)s=a[i],e.source===s.contentWindow&&(s.removeAttribute(\"style\"),\"height\"===t.message?(1e3<(r=parseInt(t.value,10))?r=1e3:~~r<200&&(r=200),s.height=r):\"link\"===t.message&&(r=new URL(s.getAttribute(\"src\")),n=new URL(t.value),c.test(n.protocol))&&n.host===r.host&&l.activeElement===s&&(d.top.location.href=t.value))}},d.addEventListener(\"message\",d.wp.receiveEmbedMessage,!1),l.addEventListener(\"DOMContentLoaded\",function(){for(var e,t,s=l.querySelectorAll(\"iframe.wp-embedded-content\"),r=0;r<s.length;r++)(t=(e=s[r]).getAttribute(\"data-secret\"))||(t=Math.random().toString(36).substring(2,12),e.src+=\"#?secret=\"+t,e.setAttribute(\"data-secret\",t)),e.contentWindow.postMessage({message:\"ready\",secret:t},\"*\")},!1)))}(window,document);\n\/\/# sourceURL=https:\/\/bierger.remich.lu\/wp-includes\/js\/wp-embed.min.js\n\/* ]]> *\/\n<\/script>\n","description":"Le vote pour un r\u00e9f\u00e9rendum sur la proposition de r\u00e9vision\u00a0des Chapitres Ier, II, III, V, VII, VIII, IX, X, XI et XII\u00a0de la Constitution peut \u00eatre sign\u00e9\u00a0du\u00a02 mars 2022 au 25 mars 2022 \u00e0 l&rsquo;H\u00f4tel de Ville\u00a0(Place de la R\u00e9sistance) \u00e0 Remich. Heures d&rsquo;ouverture : Lundi : 08:00-11:30 et 13:30-16:00 Mardi : 08:00-11:30 et 13:30-16:00... Lire la suite \u00bb"}