{"version":"1.0","provider_name":"Ville de Remich","provider_url":"https:\/\/bierger.remich.lu\/fr","author_name":"murielkayser","author_url":"#","title":"Services communaux ferm\u00e9s | 17.01.2024 - Ville de Remich","type":"rich","width":600,"height":338,"html":"<blockquote class=\"wp-embedded-content\" data-secret=\"hrEyRcw3KY\"><a href=\"https:\/\/bierger.remich.lu\/fr\/2024\/01\/17\/gemeindeverwaltung-und-dienste-geschlossen-17-01-2024\/\">Services communaux ferm\u00e9s | 17.01.2024<\/a><\/blockquote><iframe sandbox=\"allow-scripts\" security=\"restricted\" src=\"https:\/\/bierger.remich.lu\/fr\/2024\/01\/17\/gemeindeverwaltung-und-dienste-geschlossen-17-01-2024\/embed\/#?secret=hrEyRcw3KY\" width=\"600\" height=\"338\" title=\"&#8220;Services communaux ferm\u00e9s | 17.01.2024&#8221; &#8212; Ville de Remich\" data-secret=\"hrEyRcw3KY\" frameborder=\"0\" marginwidth=\"0\" marginheight=\"0\" scrolling=\"no\" class=\"wp-embedded-content\"><\/iframe><script type=\"text\/javascript\">\n\/* <![CDATA[ *\/\n\/*! This file is auto-generated *\/\n!function(d,l){\"use strict\";l.querySelector&&d.addEventListener&&\"undefined\"!=typeof URL&&(d.wp=d.wp||{},d.wp.receiveEmbedMessage||(d.wp.receiveEmbedMessage=function(e){var t=e.data;if((t||t.secret||t.message||t.value)&&!\/[^a-zA-Z0-9]\/.test(t.secret)){for(var s,r,n,a=l.querySelectorAll('iframe[data-secret=\"'+t.secret+'\"]'),o=l.querySelectorAll('blockquote[data-secret=\"'+t.secret+'\"]'),c=new RegExp(\"^https?:$\",\"i\"),i=0;i<o.length;i++)o[i].style.display=\"none\";for(i=0;i<a.length;i++)s=a[i],e.source===s.contentWindow&&(s.removeAttribute(\"style\"),\"height\"===t.message?(1e3<(r=parseInt(t.value,10))?r=1e3:~~r<200&&(r=200),s.height=r):\"link\"===t.message&&(r=new URL(s.getAttribute(\"src\")),n=new URL(t.value),c.test(n.protocol))&&n.host===r.host&&l.activeElement===s&&(d.top.location.href=t.value))}},d.addEventListener(\"message\",d.wp.receiveEmbedMessage,!1),l.addEventListener(\"DOMContentLoaded\",function(){for(var e,t,s=l.querySelectorAll(\"iframe.wp-embedded-content\"),r=0;r<s.length;r++)(t=(e=s[r]).getAttribute(\"data-secret\"))||(t=Math.random().toString(36).substring(2,12),e.src+=\"#?secret=\"+t,e.setAttribute(\"data-secret\",t)),e.contentWindow.postMessage({message:\"ready\",secret:t},\"*\")},!1)))}(window,document);\n\/\/# sourceURL=https:\/\/bierger.remich.lu\/wp-includes\/js\/wp-embed.min.js\n\/* ]]> *\/\n<\/script>\n","description":"\u203c\ufe0f\ud83c\udf28\u2744\ufe0f\ud83d\udca6 Suite aux alertes m\u00e9t\u00e9orologiques et les recommandations officielles de rester \u00e0 la maison le plus possible, les services suivants ne seront pas assur\u00e9s le 17.01.2024 : tous les services communaux resteront ferm\u00e9s les \u00e9coles et Maison Relais resteront ferm\u00e9es, un accueil d\u2019urgence sera organis\u00e9 pas de transport scolaire la navette municipale ne fonctionnera pas... Lire la suite \u00bb"}