{"id":11875,"date":"2023-02-10T10:03:00","date_gmt":"2023-02-10T09:03:00","guid":{"rendered":"https:\/\/bierger.remich.lu\/?page_id=11875"},"modified":"2024-04-29T17:47:34","modified_gmt":"2024-04-29T15:47:34","slug":"energiekooperativ-kanton-remich","status":"publish","type":"page","link":"https:\/\/bierger.remich.lu\/fr\/ville-de-remich\/umwelt\/energiekooperativ-kanton-remich\/","title":{"rendered":"Energiekooperativ Kanton Remich"},"content":{"rendered":"<h2><span style=\"color: #339966\">Energiekooperativ Kanton Remich<\/span><\/h2>\n<p>L&#8217;Energiekooperativ Kanton Remich est une \u00e9quipe de personnes engag\u00e9es des communes Bous, Dalheim, Lenningen, Mondorf-les-bains, Remich, Schengen, Stadtbredimus et Waldbredimus.<\/p>\n<h4>La mission<\/h4>\n<p>Mise en place et exploitation d&#8217;installations photovolta\u00efques sur des toitures de b\u00e2timents publics et production d\u2019\u00e9lectricit\u00e9 renouvelable<\/p>\n<h4>La participation<\/h4>\n<p>Tous les habitants du canton de Remich peuvent participer par un apport financier aux projets communs.<br \/>\n\u2192 La participation minimale est de 100 \u20ac.<br \/>\n\u2192 Chaque membre de la coop\u00e9rative a le droit de vote.<\/p>\n<p>Plus d&#8217;infos: <a href=\"https:\/\/www.ekr.lu\/\">www.ekr.lu<\/a><\/p>\n<p>&nbsp;<\/p>\n<h2><span style=\"color: #339966\">NEWSLETTER 2024-04<br \/>\n<\/span><\/h2>\n<p>Chers coop\u00e9rateurs\/-trices, chers amis du soleil,<\/p>\n<p>Apr\u00e8s notre r\u00e9union d&#8217;information \u00e0 Lenningen, nous sommes heureux d&#8217;accueillir quelques nouveaux coop\u00e9rateurs dans nos rangs. Avant de r\u00e9aliser le projet \u00e0 Canach, nous pr\u00e9f\u00e9rons installer des panneaux photovolta\u00efques sur l&#8217;\u00e9cole de Mondorf, car le toit y sera r\u00e9nov\u00e9 cet \u00e9t\u00e9. Nous avons re\u00e7u des offres int\u00e9ressantes, de sorte que ce grand projet puisse \u00eatre r\u00e9alis\u00e9.<\/p>\n<p>C&#8217;est pourquoi nous lan\u00e7ons ici un appel pour une participation financi\u00e8re de votre part : l&#8217;installation co\u00fbte +\/- 86.600 \u20ac TTC et nous n&#8217;avons pas encore assembl\u00e9 assez d&#8217;argent pour r\u00e9aliser le projet.<\/p>\n<p>Pour nous soutenir, n&#8217;h\u00e9sitez pas \u00e0 faire de la publicit\u00e9 autour de vous.<\/p>\n<p>La commune de Mondorf soutient la EKR \u00e0 100 %, \u00e9galement dans ce projet, ce qui signifie qu&#8217;il n&#8217;y a \u00e0 aucun moment un risque que votre investissement soit perdu.<\/p>\n<p>Nous remercions d&#8217;ores et d\u00e9j\u00e0 tous ceux qui permettent \u00e0 la coop\u00e9rative de raccorder une nouvelle installation au r\u00e9seau.<\/p>\n<p>De plus, nous lan\u00e7ons un appel par ce biais : <strong>nous cherchons 2 contr\u00f4leurs de caisse pour apporter encore plus de transparence dans notre travail <\/strong>&gt; candidature par courriel \u00e0 : <a href=\"mailto:info@ekr.lu\">info@ekr.lu<\/a><\/p>\n<p>&nbsp;","protected":false},"excerpt":{"rendered":"<p>Energiekooperativ Kanton Remich L&#8217;Energiekooperativ Kanton Remich est une \u00e9quipe de personnes engag\u00e9es des communes Bous, Dalheim, Lenningen, Mondorf-les-bains, Remich, Schengen, Stadtbredimus et Waldbredimus. La mission Mise en place et exploitation d&#8217;installations photovolta\u00efques sur des toitures de b\u00e2timents publics et production d\u2019\u00e9lectricit\u00e9 renouvelable La participation Tous les habitants du canton de Remich peuvent participer par un&#8230;  <a class=\"excerpt-read-more\" href=\"https:\/\/bierger.remich.lu\/fr\/ville-de-remich\/umwelt\/energiekooperativ-kanton-remich\/\" title=\"ReadEnergiekooperativ Kanton Remich\">Lire la suite \u00bb<\/a><\/p>\n","protected":false},"author":4,"featured_media":2038,"parent":50,"menu_order":30,"comment_status":"closed","ping_status":"closed","template":"","meta":{"_acf_changed":false,"xn-wppe-expiration":[],"xn-wppe-expiration-action":[],"xn-wppe-expiration-prefix":[],"footnotes":"","_links_to":"","_links_to_target":""},"class_list":["post-11875","page","type-page","status-publish","has-post-thumbnail","hentry","keyword-energie","keyword-infos"],"acf":[],"yoast_head":"<!-- This site is optimized with the Yoast SEO plugin v26.7 - https:\/\/yoast.com\/wordpress\/plugins\/seo\/ -->\n<title>Energiekooperativ Kanton Remich - Ville de Remich<\/title>\n<meta name=\"robots\" content=\"index, follow, max-snippet:-1, max-image-preview:large, max-video-preview:-1\" \/>\n<link rel=\"canonical\" href=\"https:\/\/bierger.remich.lu\/fr\/ville-de-remich\/umwelt\/energiekooperativ-kanton-remich\/\" \/>\n<meta property=\"og:locale\" content=\"fr_FR\" \/>\n<meta property=\"og:type\" content=\"article\" \/>\n<meta property=\"og:title\" content=\"Energiekooperativ Kanton Remich - Ville de Remich\" \/>\n<meta property=\"og:description\" content=\"Energiekooperativ Kanton Remich L&#8217;Energiekooperativ Kanton Remich est une \u00e9quipe de personnes engag\u00e9es des communes Bous, Dalheim, Lenningen, Mondorf-les-bains, Remich, Schengen, Stadtbredimus et Waldbredimus. La mission Mise en place et exploitation d&#8217;installations photovolta\u00efques sur des toitures de b\u00e2timents publics et production d\u2019\u00e9lectricit\u00e9 renouvelable La participation Tous les habitants du canton de Remich peuvent participer par un... Lire la suite \u00bb\" \/>\n<meta property=\"og:url\" content=\"https:\/\/bierger.remich.lu\/fr\/ville-de-remich\/umwelt\/energiekooperativ-kanton-remich\/\" \/>\n<meta property=\"og:site_name\" content=\"Ville de Remich\" \/>\n<meta property=\"article:modified_time\" content=\"2024-04-29T15:47:34+00:00\" \/>\n<meta property=\"og:image\" content=\"https:\/\/bierger.remich.lu\/wp-content\/uploads\/sites\/3\/2017\/07\/andreas-gucklhorn-285602.jpg\" \/>\n\t<meta property=\"og:image:width\" content=\"2560\" \/>\n\t<meta property=\"og:image:height\" content=\"1440\" \/>\n\t<meta property=\"og:image:type\" content=\"image\/jpeg\" \/>\n<meta name=\"twitter:card\" content=\"summary_large_image\" \/>\n<meta name=\"twitter:label1\" content=\"Dur\u00e9e de lecture estim\u00e9e\" \/>\n\t<meta name=\"twitter:data1\" content=\"6 minutes\" \/>\n<script type=\"application\/ld+json\" class=\"yoast-schema-graph\">{\"@context\":\"https:\/\/schema.org\",\"@graph\":[{\"@type\":\"WebPage\",\"@id\":\"https:\/\/bierger.remich.lu\/fr\/ville-de-remich\/umwelt\/energiekooperativ-kanton-remich\/\",\"url\":\"https:\/\/bierger.remich.lu\/fr\/ville-de-remich\/umwelt\/energiekooperativ-kanton-remich\/\",\"name\":\"Energiekooperativ Kanton Remich - Ville de Remich\",\"isPartOf\":{\"@id\":\"https:\/\/bierger.remich.lu\/de\/#website\"},\"primaryImageOfPage\":{\"@id\":\"https:\/\/bierger.remich.lu\/fr\/ville-de-remich\/umwelt\/energiekooperativ-kanton-remich\/#primaryimage\"},\"image\":{\"@id\":\"https:\/\/bierger.remich.lu\/fr\/ville-de-remich\/umwelt\/energiekooperativ-kanton-remich\/#primaryimage\"},\"thumbnailUrl\":\"https:\/\/bierger.remich.lu\/wp-content\/uploads\/sites\/3\/2017\/07\/andreas-gucklhorn-285602.jpg\",\"datePublished\":\"2023-02-10T09:03:00+00:00\",\"dateModified\":\"2024-04-29T15:47:34+00:00\",\"breadcrumb\":{\"@id\":\"https:\/\/bierger.remich.lu\/fr\/ville-de-remich\/umwelt\/energiekooperativ-kanton-remich\/#breadcrumb\"},\"inLanguage\":\"fr-FR\",\"potentialAction\":[{\"@type\":\"ReadAction\",\"target\":[\"https:\/\/bierger.remich.lu\/fr\/ville-de-remich\/umwelt\/energiekooperativ-kanton-remich\/\"]}]},{\"@type\":\"ImageObject\",\"inLanguage\":\"fr-FR\",\"@id\":\"https:\/\/bierger.remich.lu\/fr\/ville-de-remich\/umwelt\/energiekooperativ-kanton-remich\/#primaryimage\",\"url\":\"https:\/\/bierger.remich.lu\/wp-content\/uploads\/sites\/3\/2017\/07\/andreas-gucklhorn-285602.jpg\",\"contentUrl\":\"https:\/\/bierger.remich.lu\/wp-content\/uploads\/sites\/3\/2017\/07\/andreas-gucklhorn-285602.jpg\",\"width\":2560,\"height\":1440},{\"@type\":\"BreadcrumbList\",\"@id\":\"https:\/\/bierger.remich.lu\/fr\/ville-de-remich\/umwelt\/energiekooperativ-kanton-remich\/#breadcrumb\",\"itemListElement\":[{\"@type\":\"ListItem\",\"position\":1,\"name\":\"Startseite\",\"item\":\"https:\/\/bierger.remich.lu\/de\/\"},{\"@type\":\"ListItem\",\"position\":2,\"name\":\"Stadt Remich\",\"item\":\"https:\/\/bierger.remich.lu\/de\/ville-de-remich\/\"},{\"@type\":\"ListItem\",\"position\":3,\"name\":\"Umwelt\",\"item\":\"https:\/\/bierger.remich.lu\/de\/ville-de-remich\/umwelt\/\"},{\"@type\":\"ListItem\",\"position\":4,\"name\":\"Energiekooperativ Kanton Remich\"}]},{\"@type\":\"WebSite\",\"@id\":\"https:\/\/bierger.remich.lu\/de\/#website\",\"url\":\"https:\/\/bierger.remich.lu\/de\/\",\"name\":\"Ville de Remich\",\"description\":\"\",\"potentialAction\":[{\"@type\":\"SearchAction\",\"target\":{\"@type\":\"EntryPoint\",\"urlTemplate\":\"https:\/\/bierger.remich.lu\/de\/?s={search_term_string}\"},\"query-input\":{\"@type\":\"PropertyValueSpecification\",\"valueRequired\":true,\"valueName\":\"search_term_string\"}}],\"inLanguage\":\"fr-FR\"}]}<\/script>\n<!-- \/ Yoast SEO plugin. -->","yoast_head_json":{"title":"Energiekooperativ Kanton Remich - Ville de Remich","robots":{"index":"index","follow":"follow","max-snippet":"max-snippet:-1","max-image-preview":"max-image-preview:large","max-video-preview":"max-video-preview:-1"},"canonical":"https:\/\/bierger.remich.lu\/fr\/ville-de-remich\/umwelt\/energiekooperativ-kanton-remich\/","og_locale":"fr_FR","og_type":"article","og_title":"Energiekooperativ Kanton Remich - Ville de Remich","og_description":"Energiekooperativ Kanton Remich L&#8217;Energiekooperativ Kanton Remich est une \u00e9quipe de personnes engag\u00e9es des communes Bous, Dalheim, Lenningen, Mondorf-les-bains, Remich, Schengen, Stadtbredimus et Waldbredimus. La mission Mise en place et exploitation d&#8217;installations photovolta\u00efques sur des toitures de b\u00e2timents publics et production d\u2019\u00e9lectricit\u00e9 renouvelable La participation Tous les habitants du canton de Remich peuvent participer par un... Lire la suite \u00bb","og_url":"https:\/\/bierger.remich.lu\/fr\/ville-de-remich\/umwelt\/energiekooperativ-kanton-remich\/","og_site_name":"Ville de Remich","article_modified_time":"2024-04-29T15:47:34+00:00","og_image":[{"width":2560,"height":1440,"url":"https:\/\/bierger.remich.lu\/wp-content\/uploads\/sites\/3\/2017\/07\/andreas-gucklhorn-285602.jpg","type":"image\/jpeg"}],"twitter_card":"summary_large_image","twitter_misc":{"Dur\u00e9e de lecture estim\u00e9e":"6 minutes"},"schema":{"@context":"https:\/\/schema.org","@graph":[{"@type":"WebPage","@id":"https:\/\/bierger.remich.lu\/fr\/ville-de-remich\/umwelt\/energiekooperativ-kanton-remich\/","url":"https:\/\/bierger.remich.lu\/fr\/ville-de-remich\/umwelt\/energiekooperativ-kanton-remich\/","name":"Energiekooperativ Kanton Remich - Ville de Remich","isPartOf":{"@id":"https:\/\/bierger.remich.lu\/de\/#website"},"primaryImageOfPage":{"@id":"https:\/\/bierger.remich.lu\/fr\/ville-de-remich\/umwelt\/energiekooperativ-kanton-remich\/#primaryimage"},"image":{"@id":"https:\/\/bierger.remich.lu\/fr\/ville-de-remich\/umwelt\/energiekooperativ-kanton-remich\/#primaryimage"},"thumbnailUrl":"https:\/\/bierger.remich.lu\/wp-content\/uploads\/sites\/3\/2017\/07\/andreas-gucklhorn-285602.jpg","datePublished":"2023-02-10T09:03:00+00:00","dateModified":"2024-04-29T15:47:34+00:00","breadcrumb":{"@id":"https:\/\/bierger.remich.lu\/fr\/ville-de-remich\/umwelt\/energiekooperativ-kanton-remich\/#breadcrumb"},"inLanguage":"fr-FR","potentialAction":[{"@type":"ReadAction","target":["https:\/\/bierger.remich.lu\/fr\/ville-de-remich\/umwelt\/energiekooperativ-kanton-remich\/"]}]},{"@type":"ImageObject","inLanguage":"fr-FR","@id":"https:\/\/bierger.remich.lu\/fr\/ville-de-remich\/umwelt\/energiekooperativ-kanton-remich\/#primaryimage","url":"https:\/\/bierger.remich.lu\/wp-content\/uploads\/sites\/3\/2017\/07\/andreas-gucklhorn-285602.jpg","contentUrl":"https:\/\/bierger.remich.lu\/wp-content\/uploads\/sites\/3\/2017\/07\/andreas-gucklhorn-285602.jpg","width":2560,"height":1440},{"@type":"BreadcrumbList","@id":"https:\/\/bierger.remich.lu\/fr\/ville-de-remich\/umwelt\/energiekooperativ-kanton-remich\/#breadcrumb","itemListElement":[{"@type":"ListItem","position":1,"name":"Startseite","item":"https:\/\/bierger.remich.lu\/de\/"},{"@type":"ListItem","position":2,"name":"Stadt Remich","item":"https:\/\/bierger.remich.lu\/de\/ville-de-remich\/"},{"@type":"ListItem","position":3,"name":"Umwelt","item":"https:\/\/bierger.remich.lu\/de\/ville-de-remich\/umwelt\/"},{"@type":"ListItem","position":4,"name":"Energiekooperativ Kanton Remich"}]},{"@type":"WebSite","@id":"https:\/\/bierger.remich.lu\/de\/#website","url":"https:\/\/bierger.remich.lu\/de\/","name":"Ville de Remich","description":"","potentialAction":[{"@type":"SearchAction","target":{"@type":"EntryPoint","urlTemplate":"https:\/\/bierger.remich.lu\/de\/?s={search_term_string}"},"query-input":{"@type":"PropertyValueSpecification","valueRequired":true,"valueName":"search_term_string"}}],"inLanguage":"fr-FR"}]}},"_links":{"self":[{"href":"https:\/\/bierger.remich.lu\/fr\/wp-json\/wp\/v2\/pages\/11875","targetHints":{"allow":["GET"]}}],"collection":[{"href":"https:\/\/bierger.remich.lu\/fr\/wp-json\/wp\/v2\/pages"}],"about":[{"href":"https:\/\/bierger.remich.lu\/fr\/wp-json\/wp\/v2\/types\/page"}],"author":[{"embeddable":true,"href":"https:\/\/bierger.remich.lu\/fr\/wp-json\/wp\/v2\/users\/4"}],"replies":[{"embeddable":true,"href":"https:\/\/bierger.remich.lu\/fr\/wp-json\/wp\/v2\/comments?post=11875"}],"version-history":[{"count":5,"href":"https:\/\/bierger.remich.lu\/fr\/wp-json\/wp\/v2\/pages\/11875\/revisions"}],"predecessor-version":[{"id":14035,"href":"https:\/\/bierger.remich.lu\/fr\/wp-json\/wp\/v2\/pages\/11875\/revisions\/14035"}],"up":[{"embeddable":true,"href":"https:\/\/bierger.remich.lu\/fr\/wp-json\/wp\/v2\/pages\/50"}],"wp:featuredmedia":[{"embeddable":true,"href":"https:\/\/bierger.remich.lu\/fr\/wp-json\/wp\/v2\/media\/2038"}],"wp:attachment":[{"href":"https:\/\/bierger.remich.lu\/fr\/wp-json\/wp\/v2\/media?parent=11875"}],"curies":[{"name":"wp","href":"https:\/\/api.w.org\/{rel}","templated":true}]}}