{"id":21166,"date":"2026-09-03T11:56:23","date_gmt":"2026-09-03T09:56:23","guid":{"rendered":"https:\/\/bierger.remich.lu\/?page_id=21166"},"modified":"2026-09-03T12:01:56","modified_gmt":"2026-09-03T10:01:56","slug":"hellef-doheem","status":"publish","type":"page","link":"https:\/\/bierger.remich.lu\/fr\/services-au-citoyen\/soziales-und-3-alter\/hilfe-unterstuetzung\/hellef-doheem\/","title":{"rendered":"H\u00ebllef Doheem"},"content":{"rendered":"<h3>Aide et soutien au quotidien<\/h3>\n<p>La commune souhaite attirer l\u2019attention sur les nombreux services propos\u00e9s par <strong>H\u00ebllef Doheem<\/strong> et les centres d\u2019aide et de soins. Ceux-ci accompagnent les personnes et leurs proches afin de leur permettre de vivre chez elles de mani\u00e8re autonome et en toute s\u00e9curit\u00e9 le plus longtemps possible.<\/p>\n<p>L\u2019offre comprend notamment <strong>S\u00e9cher Doheem<\/strong>, un syst\u00e8me de t\u00e9l\u00e9alarme qui assure une s\u00e9curit\u00e9 24 heures sur 24, ainsi que des <strong>soins de nuit et une aide \u00e0 domicile<\/strong>. Des <strong>conseils et th\u00e9rapies<\/strong> sont \u00e9galement propos\u00e9s, notamment en mati\u00e8re de conseil en nutrition, d\u2019ergoth\u00e9rapie, de physioth\u00e9rapie ou encore de soutien psychologique.<\/p>\n<p>Durant la derni\u00e8re phase de la vie, les <strong>soins palliatifs \u00e0 domicile<\/strong> offrent un accompagnement professionnel et bienveillant. Les <strong>structures d\u2019accueil de jour<\/strong> proposent aux personnes \u00e2g\u00e9es de 65 ans et plus un programme quotidien vari\u00e9, favorisent les contacts sociaux et offrent des activit\u00e9s ainsi que des th\u00e9rapies adapt\u00e9es.<\/p>\n<p>Une <strong>aide personnalis\u00e9e au quotidien<\/strong> est \u00e9galement disponible, notamment pour les t\u00e2ches m\u00e9nag\u00e8res, les courses ou la lessive.<\/p>\n<p>Les personnes qui souhaitent b\u00e9n\u00e9ficier d\u2019un soutien ou obtenir davantage d\u2019informations sur les diff\u00e9rents services peuvent s\u2019adresser directement \u00e0 <strong>H\u00ebllef Doheem<\/strong> et aux centres d\u2019aide et de soins concern\u00e9s.<\/p>\n<h3>H\u00ebllef Doheem, c\u2019est :<\/h3>\n<ul>\n<li><strong>Le plus grand r\u00e9seau de services d\u2019aide et de soins au Luxembourg<\/strong><\/li>\n<li><strong>Une offre compl\u00e8te de prise en charge<\/strong><\/li>\n<li><strong>Un service garanti 7 jours sur 7<\/strong><\/li>\n<li><strong>Une aide et une assistance pour tous, partout au Luxembourg<\/strong><\/li>\n<li><strong>Une garantie de comp\u00e9tence et de qualit\u00e9<\/strong><\/li>\n<li><strong>98 % de satisfaction des clients<\/strong> (TNS-Ilres)<\/li>\n<\/ul>","protected":false},"excerpt":{"rendered":"<p>Aide et soutien au quotidien La commune souhaite attirer l\u2019attention sur les nombreux services propos\u00e9s par H\u00ebllef Doheem et les centres d\u2019aide et de soins. Ceux-ci accompagnent les personnes et leurs proches afin de leur permettre de vivre chez elles de mani\u00e8re autonome et en toute s\u00e9curit\u00e9 le plus longtemps possible. L\u2019offre comprend notamment S\u00e9cher&#8230;  <a class=\"excerpt-read-more\" href=\"https:\/\/bierger.remich.lu\/fr\/services-au-citoyen\/soziales-und-3-alter\/hilfe-unterstuetzung\/hellef-doheem\/\" title=\"ReadH\u00ebllef Doheem\">Lire la suite \u00bb<\/a><\/p>\n","protected":false},"author":10,"featured_media":0,"parent":21164,"menu_order":0,"comment_status":"closed","ping_status":"closed","template":"","meta":{"_acf_changed":false,"xn-wppe-expiration":[],"xn-wppe-expiration-action":[],"xn-wppe-expiration-prefix":[],"footnotes":"","_links_to":"","_links_to_target":""},"class_list":["post-21166","page","type-page","status-publish","hentry","keyword-social"],"acf":[],"yoast_head":"<!-- This site is optimized with the Yoast SEO plugin v28.0 - https:\/\/yoast.com\/product\/yoast-seo-wordpress\/ -->\n<title>H\u00ebllef Doheem - Ville de Remich<\/title>\n<meta name=\"robots\" content=\"index, follow, max-snippet:-1, max-image-preview:large, max-video-preview:-1\" \/>\n<link rel=\"canonical\" href=\"https:\/\/bierger.remich.lu\/services-au-citoyen\/soziales-und-3-alter\/hilfe-unterstuetzung\/hellef-doheem\/\" \/>\n<meta property=\"og:locale\" content=\"fr_FR\" \/>\n<meta property=\"og:type\" content=\"article\" \/>\n<meta property=\"og:title\" content=\"H\u00ebllef Doheem - Ville de Remich\" \/>\n<meta property=\"og:description\" content=\"Aide et soutien au quotidien La commune souhaite attirer l\u2019attention sur les nombreux services propos\u00e9s par H\u00ebllef Doheem et les centres d\u2019aide et de soins. Ceux-ci accompagnent les personnes et leurs proches afin de leur permettre de vivre chez elles de mani\u00e8re autonome et en toute s\u00e9curit\u00e9 le plus longtemps possible. L\u2019offre comprend notamment S\u00e9cher... Lire la suite \u00bb\" \/>\n<meta property=\"og:url\" content=\"https:\/\/bierger.remich.lu\/services-au-citoyen\/soziales-und-3-alter\/hilfe-unterstuetzung\/hellef-doheem\/\" \/>\n<meta property=\"og:site_name\" content=\"Ville de Remich\" \/>\n<meta property=\"article:modified_time\" content=\"2026-09-03T10:01:56+00:00\" \/>\n<meta name=\"twitter:card\" content=\"summary_large_image\" \/>\n<meta name=\"twitter:label1\" content=\"Dur\u00e9e de lecture estim\u00e9e\" \/>\n\t<meta name=\"twitter:data1\" content=\"2 minutes\" \/>\n<script type=\"application\/ld+json\" class=\"yoast-schema-graph\">{\"@context\":\"https:\\\/\\\/schema.org\",\"@graph\":[{\"@type\":\"WebPage\",\"@id\":\"https:\\\/\\\/bierger.remich.lu\\\/services-au-citoyen\\\/soziales-und-3-alter\\\/hilfe-unterstuetzung\\\/hellef-doheem\\\/\",\"url\":\"https:\\\/\\\/bierger.remich.lu\\\/services-au-citoyen\\\/soziales-und-3-alter\\\/hilfe-unterstuetzung\\\/hellef-doheem\\\/\",\"name\":\"H\u00ebllef Doheem - Ville de Remich\",\"isPartOf\":{\"@id\":\"https:\\\/\\\/bierger.remich.lu\\\/de\\\/#website\"},\"datePublished\":\"2026-09-03T09:56:23+00:00\",\"dateModified\":\"2026-09-03T10:01:56+00:00\",\"breadcrumb\":{\"@id\":\"https:\\\/\\\/bierger.remich.lu\\\/services-au-citoyen\\\/soziales-und-3-alter\\\/hilfe-unterstuetzung\\\/hellef-doheem\\\/#breadcrumb\"},\"inLanguage\":\"fr-FR\",\"potentialAction\":[{\"@type\":\"ReadAction\",\"target\":[\"https:\\\/\\\/bierger.remich.lu\\\/services-au-citoyen\\\/soziales-und-3-alter\\\/hilfe-unterstuetzung\\\/hellef-doheem\\\/\"]}]},{\"@type\":\"BreadcrumbList\",\"@id\":\"https:\\\/\\\/bierger.remich.lu\\\/services-au-citoyen\\\/soziales-und-3-alter\\\/hilfe-unterstuetzung\\\/hellef-doheem\\\/#breadcrumb\",\"itemListElement\":[{\"@type\":\"ListItem\",\"position\":1,\"name\":\"Startseite\",\"item\":\"https:\\\/\\\/bierger.remich.lu\\\/de\\\/\"},{\"@type\":\"ListItem\",\"position\":2,\"name\":\"B\u00fcrgerdienste\",\"item\":\"https:\\\/\\\/bierger.remich.lu\\\/de\\\/services-au-citoyen\\\/\"},{\"@type\":\"ListItem\",\"position\":3,\"name\":\"Soziales und 3. Alter\",\"item\":\"https:\\\/\\\/bierger.remich.lu\\\/de\\\/services-au-citoyen\\\/soziales-und-3-alter\\\/\"},{\"@type\":\"ListItem\",\"position\":4,\"name\":\"Hilfe &#038; Unterst\u00fctzung\",\"item\":\"https:\\\/\\\/bierger.remich.lu\\\/services-au-citoyen\\\/soziales-und-3-alter\\\/hilfe-unterstuetzung\\\/\"},{\"@type\":\"ListItem\",\"position\":5,\"name\":\"H\u00ebllef Doheem\"}]},{\"@type\":\"WebSite\",\"@id\":\"https:\\\/\\\/bierger.remich.lu\\\/de\\\/#website\",\"url\":\"https:\\\/\\\/bierger.remich.lu\\\/de\\\/\",\"name\":\"Ville de Remich\",\"description\":\"\",\"potentialAction\":[{\"@type\":\"SearchAction\",\"target\":{\"@type\":\"EntryPoint\",\"urlTemplate\":\"https:\\\/\\\/bierger.remich.lu\\\/de\\\/?s={search_term_string}\"},\"query-input\":{\"@type\":\"PropertyValueSpecification\",\"valueRequired\":true,\"valueName\":\"search_term_string\"}}],\"inLanguage\":\"fr-FR\"}]}<\/script>\n<!-- \/ Yoast SEO plugin. -->","yoast_head_json":{"title":"H\u00ebllef Doheem - Ville de Remich","robots":{"index":"index","follow":"follow","max-snippet":"max-snippet:-1","max-image-preview":"max-image-preview:large","max-video-preview":"max-video-preview:-1"},"canonical":"https:\/\/bierger.remich.lu\/services-au-citoyen\/soziales-und-3-alter\/hilfe-unterstuetzung\/hellef-doheem\/","og_locale":"fr_FR","og_type":"article","og_title":"H\u00ebllef Doheem - Ville de Remich","og_description":"Aide et soutien au quotidien La commune souhaite attirer l\u2019attention sur les nombreux services propos\u00e9s par H\u00ebllef Doheem et les centres d\u2019aide et de soins. Ceux-ci accompagnent les personnes et leurs proches afin de leur permettre de vivre chez elles de mani\u00e8re autonome et en toute s\u00e9curit\u00e9 le plus longtemps possible. L\u2019offre comprend notamment S\u00e9cher... Lire la suite \u00bb","og_url":"https:\/\/bierger.remich.lu\/services-au-citoyen\/soziales-und-3-alter\/hilfe-unterstuetzung\/hellef-doheem\/","og_site_name":"Ville de Remich","article_modified_time":"2026-09-03T10:01:56+00:00","twitter_card":"summary_large_image","twitter_misc":{"Dur\u00e9e de lecture estim\u00e9e":"2 minutes"},"schema":{"@context":"https:\/\/schema.org","@graph":[{"@type":"WebPage","@id":"https:\/\/bierger.remich.lu\/services-au-citoyen\/soziales-und-3-alter\/hilfe-unterstuetzung\/hellef-doheem\/","url":"https:\/\/bierger.remich.lu\/services-au-citoyen\/soziales-und-3-alter\/hilfe-unterstuetzung\/hellef-doheem\/","name":"H\u00ebllef Doheem - Ville de Remich","isPartOf":{"@id":"https:\/\/bierger.remich.lu\/de\/#website"},"datePublished":"2026-09-03T09:56:23+00:00","dateModified":"2026-09-03T10:01:56+00:00","breadcrumb":{"@id":"https:\/\/bierger.remich.lu\/services-au-citoyen\/soziales-und-3-alter\/hilfe-unterstuetzung\/hellef-doheem\/#breadcrumb"},"inLanguage":"fr-FR","potentialAction":[{"@type":"ReadAction","target":["https:\/\/bierger.remich.lu\/services-au-citoyen\/soziales-und-3-alter\/hilfe-unterstuetzung\/hellef-doheem\/"]}]},{"@type":"BreadcrumbList","@id":"https:\/\/bierger.remich.lu\/services-au-citoyen\/soziales-und-3-alter\/hilfe-unterstuetzung\/hellef-doheem\/#breadcrumb","itemListElement":[{"@type":"ListItem","position":1,"name":"Startseite","item":"https:\/\/bierger.remich.lu\/de\/"},{"@type":"ListItem","position":2,"name":"B\u00fcrgerdienste","item":"https:\/\/bierger.remich.lu\/de\/services-au-citoyen\/"},{"@type":"ListItem","position":3,"name":"Soziales und 3. Alter","item":"https:\/\/bierger.remich.lu\/de\/services-au-citoyen\/soziales-und-3-alter\/"},{"@type":"ListItem","position":4,"name":"Hilfe &#038; Unterst\u00fctzung","item":"https:\/\/bierger.remich.lu\/services-au-citoyen\/soziales-und-3-alter\/hilfe-unterstuetzung\/"},{"@type":"ListItem","position":5,"name":"H\u00ebllef Doheem"}]},{"@type":"WebSite","@id":"https:\/\/bierger.remich.lu\/de\/#website","url":"https:\/\/bierger.remich.lu\/de\/","name":"Ville de Remich","description":"","potentialAction":[{"@type":"SearchAction","target":{"@type":"EntryPoint","urlTemplate":"https:\/\/bierger.remich.lu\/de\/?s={search_term_string}"},"query-input":{"@type":"PropertyValueSpecification","valueRequired":true,"valueName":"search_term_string"}}],"inLanguage":"fr-FR"}]}},"_links":{"self":[{"href":"https:\/\/bierger.remich.lu\/fr\/wp-json\/wp\/v2\/pages\/21166","targetHints":{"allow":["GET"]}}],"collection":[{"href":"https:\/\/bierger.remich.lu\/fr\/wp-json\/wp\/v2\/pages"}],"about":[{"href":"https:\/\/bierger.remich.lu\/fr\/wp-json\/wp\/v2\/types\/page"}],"author":[{"embeddable":true,"href":"https:\/\/bierger.remich.lu\/fr\/wp-json\/wp\/v2\/users\/10"}],"replies":[{"embeddable":true,"href":"https:\/\/bierger.remich.lu\/fr\/wp-json\/wp\/v2\/comments?post=21166"}],"version-history":[{"count":3,"href":"https:\/\/bierger.remich.lu\/fr\/wp-json\/wp\/v2\/pages\/21166\/revisions"}],"predecessor-version":[{"id":21169,"href":"https:\/\/bierger.remich.lu\/fr\/wp-json\/wp\/v2\/pages\/21166\/revisions\/21169"}],"up":[{"embeddable":true,"href":"https:\/\/bierger.remich.lu\/fr\/wp-json\/wp\/v2\/pages\/21164"}],"wp:attachment":[{"href":"https:\/\/bierger.remich.lu\/fr\/wp-json\/wp\/v2\/media?parent=21166"}],"curies":[{"name":"wp","href":"https:\/\/api.w.org\/{rel}","templated":true}]}}