{"version":"1.0","provider_name":"Ville de Remich","provider_url":"https:\/\/bierger.remich.lu\/lb","author_name":"murielkayser","author_url":"#","title":"Cavalcade | Verk\u00e9iersinformatiounen &amp; \u00c4nnerungen beim \u00ebffentlechen Transport - Ville de Remich","type":"rich","width":600,"height":338,"html":"<blockquote class=\"wp-embedded-content\" data-secret=\"VlKFMEeYKy\"><a href=\"https:\/\/bierger.remich.lu\/lb\/2023\/03\/15\/karnevalsumzug-infos-strassensperrungen-busverkehr\/\">Cavalcade | Verk\u00e9iersinformatiounen &amp; \u00c4nnerungen beim \u00ebffentlechen Transport<\/a><\/blockquote><iframe sandbox=\"allow-scripts\" security=\"restricted\" src=\"https:\/\/bierger.remich.lu\/lb\/2023\/03\/15\/karnevalsumzug-infos-strassensperrungen-busverkehr\/embed\/#?secret=VlKFMEeYKy\" width=\"600\" height=\"338\" title=\"&#8220;Cavalcade | Verk\u00e9iersinformatiounen &amp; \u00c4nnerungen beim \u00ebffentlechen Transport&#8221; &#8212; Ville de Remich\" data-secret=\"VlKFMEeYKy\" frameborder=\"0\" marginwidth=\"0\" marginheight=\"0\" scrolling=\"no\" class=\"wp-embedded-content\"><\/iframe><script type=\"text\/javascript\">\n\/* <![CDATA[ *\/\n\/*! This file is auto-generated *\/\n!function(d,l){\"use strict\";l.querySelector&&d.addEventListener&&\"undefined\"!=typeof URL&&(d.wp=d.wp||{},d.wp.receiveEmbedMessage||(d.wp.receiveEmbedMessage=function(e){var t=e.data;if((t||t.secret||t.message||t.value)&&!\/[^a-zA-Z0-9]\/.test(t.secret)){for(var s,r,n,a=l.querySelectorAll('iframe[data-secret=\"'+t.secret+'\"]'),o=l.querySelectorAll('blockquote[data-secret=\"'+t.secret+'\"]'),c=new RegExp(\"^https?:$\",\"i\"),i=0;i<o.length;i++)o[i].style.display=\"none\";for(i=0;i<a.length;i++)s=a[i],e.source===s.contentWindow&&(s.removeAttribute(\"style\"),\"height\"===t.message?(1e3<(r=parseInt(t.value,10))?r=1e3:~~r<200&&(r=200),s.height=r):\"link\"===t.message&&(r=new URL(s.getAttribute(\"src\")),n=new URL(t.value),c.test(n.protocol))&&n.host===r.host&&l.activeElement===s&&(d.top.location.href=t.value))}},d.addEventListener(\"message\",d.wp.receiveEmbedMessage,!1),l.addEventListener(\"DOMContentLoaded\",function(){for(var e,t,s=l.querySelectorAll(\"iframe.wp-embedded-content\"),r=0;r<s.length;r++)(t=(e=s[r]).getAttribute(\"data-secret\"))||(t=Math.random().toString(36).substring(2,12),e.src+=\"#?secret=\"+t,e.setAttribute(\"data-secret\",t)),e.contentWindow.postMessage({message:\"ready\",secret:t},\"*\")},!1)))}(window,document);\n\/\/# sourceURL=https:\/\/bierger.remich.lu\/wp-includes\/js\/wp-embed.min.js\n\/* ]]> *\/\n<\/script>\n","description":"Verk\u00e9ier Sonndes, de 19. M\u00e4erz 2023 si w\u00e9inst der Cavalcade zu R\u00e9imech verschidde Stroosse gespaart vun 13 bis ongef\u00e9ier 18 Auer. Op ville Plazen ass et och verbueden ze parken. Mir bieden Iech d&#8217;Besch\u00eblderung vun de verschiddene Parkverbueter genee ze liesen \u00e9ier Dir \u00c4ren Auto ofstellt. Detaill\u00e9iert Informatioune fannt Dir am Verk\u00e9iersreglement. \u00cbmleedungen si gezeechent.... Read more &raquo;"}